{"id":557,"date":"2025-09-24T10:01:42","date_gmt":"2025-09-24T08:01:42","guid":{"rendered":"http:\/\/570780784.swh.strato-hosting.eu\/?page_id=557"},"modified":"2026-03-23T12:52:11","modified_gmt":"2026-03-23T11:52:11","slug":"impressum","status":"publish","type":"page","link":"https:\/\/ifta-ag.de\/en\/impressum\/","title":{"rendered":"Legal Notice"},"content":{"rendered":"<div data-elementor-type=\"wp-page\" data-elementor-id=\"557\" class=\"elementor elementor-557\" data-elementor-post-type=\"page\">\n\t\t\t\t<div class=\"elementor-element elementor-element-0200488 e-flex e-con-boxed e-con e-parent\" data-id=\"0200488\" data-element_type=\"container\" data-e-type=\"container\">\n\t\t\t\t\t<div class=\"e-con-inner\">\n\t\t<div class=\"elementor-element elementor-element-3b2d0e7 e-con-full e-flex e-con e-child\" data-id=\"3b2d0e7\" data-element_type=\"container\" data-e-type=\"container\">\n\t\t<div class=\"elementor-element elementor-element-413662f e-con-full e-flex e-con e-child\" data-id=\"413662f\" data-element_type=\"container\" data-e-type=\"container\">\n\t\t\t\t<div class=\"elementor-element elementor-element-247046b elementor-widget elementor-widget-heading\" data-id=\"247046b\" data-element_type=\"widget\" data-e-type=\"widget\" data-widget_type=\"heading.default\">\n\t\t\t\t\t<h2 class=\"elementor-heading-title elementor-size-default\">Legal Notice<\/h2>\t\t\t\t<\/div>\n\t\t\t\t<\/div>\n\t\t<div class=\"elementor-element elementor-element-7d3e883 e-con-full e-flex e-con e-child\" data-id=\"7d3e883\" data-element_type=\"container\" data-e-type=\"container\">\n\t\t\t\t<div class=\"elementor-element elementor-element-b861b7c elementor-widget elementor-widget-image\" data-id=\"b861b7c\" data-element_type=\"widget\" data-e-type=\"widget\" data-widget_type=\"image.default\">\n\t\t\t\t\t\t\t\t\t\t\t\t\t\t\t<img decoding=\"async\" width=\"300\" height=\"98\" src=\"https:\/\/ifta-ag.de\/wp-content\/uploads\/2025\/08\/IFTA-AG-Logo-01-300x98.png\" class=\"attachment-medium size-medium wp-image-342\" alt=\"IFTA AG Logo-01\" srcset=\"https:\/\/ifta-ag.de\/wp-content\/uploads\/2025\/08\/IFTA-AG-Logo-01-300x98.png 300w, https:\/\/ifta-ag.de\/wp-content\/uploads\/2025\/08\/IFTA-AG-Logo-01-18x6.png 18w, https:\/\/ifta-ag.de\/wp-content\/uploads\/2025\/08\/IFTA-AG-Logo-01.png 541w\" sizes=\"(max-width: 300px) 100vw, 300px\" \/>\t\t\t\t\t\t\t\t\t\t\t\t\t\t\t<\/div>\n\t\t\t\t<\/div>\n\t\t\t\t<\/div>\n\t\t\t\t<div class=\"elementor-element elementor-element-f3fefc6 elementor-widget elementor-widget-spacer\" data-id=\"f3fefc6\" data-element_type=\"widget\" data-e-type=\"widget\" data-widget_type=\"spacer.default\">\n\t\t\t\t\t\t\t<div class=\"elementor-spacer\">\n\t\t\t<div class=\"elementor-spacer-inner\"><\/div>\n\t\t<\/div>\n\t\t\t\t\t\t<\/div>\n\t\t\t\t<div class=\"elementor-element elementor-element-5dc0522 elementor-widget elementor-widget-text-editor\" data-id=\"5dc0522\" data-element_type=\"widget\" data-e-type=\"widget\" data-widget_type=\"text-editor.default\">\n\t\t\t\t\t\t\t\t\t<p>IFTA AG<br \/>Neukirchstra\u00dfe 26<br \/>13089 Berlin<\/p><p>Commercial Register No.: HRB 58100<br \/>Register Court:Berlin-Charlottenburg<\/p><p><strong>Represented by:<\/strong><br \/>Prof. Dr. J\u00f6rn Karge<\/p><p><strong>Chairman of the Supervisory Board:<\/strong><br \/>Steffen K\u00fchn, Attorney-at-law<\/p><p><strong>Contact<\/strong><br \/>Phone: +49 30 47 88 03 0<br \/>Fax: +49 30 47 88 03 20<br \/>E-Mail: info(at)ifta-ag.de<\/p><p><strong>VAT ID<\/strong><br \/>VAT Identification Number in accordance with \u00a7\u202f27a of the German Value Added Tax Act (Umsatzsteuergesetz): DE128785087<\/p><p><strong>Disclaimer<\/strong><br \/>This website contains links to external third-party websites. We have no control over the content of those websites and therefore accept no responsibility for them. The responsibility for the content of linked pages always lies with the respective provider or website operator. We do not guarantee the accuracy, completeness, or timeliness of any external content. Furthermore, we expressly distance ourselves from all content on linked pages that may have been changed after the link was created. This disclaimer applies to all links on our website and to all content found on the pages to which those links lead.<\/p><p><strong>Umsetzung:<\/strong><br \/>Decisive Design,\u00a0Inh. Dustin Herzog<br \/>Frankfurter Str. 113<br \/>53840 Troisdorf<br \/>www.decisive-design.de<\/p><p><strong>Image Credits<\/strong><\/p><ul data-stringify-type=\"unordered-list\" data-list-tree=\"true\" data-indent=\"0\" data-border=\"0\"><li data-stringify-indent=\"0\" data-stringify-border=\"0\">Adobe Stock (stock.adobe.com)<br \/><ul data-stringify-type=\"unordered-list\" data-list-tree=\"true\" data-indent=\"0\" data-border=\"0\"><li data-stringify-indent=\"0\" data-stringify-border=\"0\">Home: Matthias Heib ID:162830651<\/li><li data-stringify-indent=\"0\" data-stringify-border=\"0\">Zertifizierungsstandards\/Certification standards: powell83 ID:67958131<\/li><li data-stringify-indent=\"0\" data-stringify-border=\"0\">Home+Kontakt\/Contact: Dosen: Alexstar ID: 114568696<\/li><\/ul><\/li><li data-stringify-indent=\"0\" data-stringify-border=\"0\">iStock (istockphoto.com)<br \/><ul data-stringify-type=\"unordered-list\" data-list-tree=\"true\" data-indent=\"0\" data-border=\"0\"><li data-stringify-indent=\"0\" data-stringify-border=\"0\">\u00dcber Uns\/About us: Vladislav Zolotov ID:1386292689<\/li><li data-stringify-indent=\"0\" data-stringify-border=\"0\">Portfolio: EyeEm Mobile GmbH ID:2164428904<\/li><li data-stringify-indent=\"0\" data-stringify-border=\"0\">Projekte\/Projects: Nikada ID:496516577<\/li><li data-stringify-indent=\"0\" data-stringify-border=\"0\">Kontakt\/Contact: EyeEm Mobile GmbH ID:2163614761<\/li><li data-stringify-indent=\"0\" data-stringify-border=\"0\">Jobs: Reinhard Krull ID:2215754650<\/li><li data-stringify-indent=\"0\" data-stringify-border=\"0\">Home+Jobs Sprechblasen: eternalcreative ID:1080845046<\/li><\/ul><\/li><li data-stringify-indent=\"0\" data-stringify-border=\"0\">Fotolia<br \/><ul data-stringify-type=\"unordered-list\" data-list-tree=\"true\" data-indent=\"0\" data-border=\"0\"><li data-stringify-indent=\"0\" data-stringify-border=\"0\">Home+Projekte\/Projects: Ordner: \u00a9 DenisNata \/ Fotolia<\/li><li data-stringify-indent=\"0\" data-stringify-border=\"0\">Home+Zertifizierungsstandards\/Certification standards, etc.: Siegel: \u00a9 Andrey Kuzmin \/ Fotolia<\/li><\/ul><\/li><\/ul><p>(Stand 23.03.2026)<\/p>\t\t\t\t\t\t\t\t<\/div>\n\t\t\t\t\t<\/div>\n\t\t\t\t<\/div>\n\t\t\t\t<\/div>","protected":false},"excerpt":{"rendered":"<p>Impressum IFTA AGNeukirchstra\u00dfe 2613089 Berlin Handelsregister: HRB 58100Registergericht: Berlin-Charlottenburg Vertreten durch:Prof. Dr. J\u00f6rn Karge Vorsitzender des Aufsichtsrats:Rechtsanwalt Steffen K\u00fchn KontaktTelefon: +49 30 4788030Telefax: +49 30 47880320E-Mail: info(at)ifta-ag.de Umsatzsteuer-IDUmsatzsteuer-Identifikationsnummer gem\u00e4\u00df \u00a7 27 a Umsatzsteuergesetz: DE128785087 HaftungsausschlussDiese Webseite enth\u00e4lt Links zu externen Webseiten Dritter, auf deren Inhalte wir keinen Einfluss haben.\u00a0F\u00fcr die Inhalte der verlinkten Seiten ist [&hellip;]<\/p>\n","protected":false},"author":1,"featured_media":0,"parent":0,"menu_order":0,"comment_status":"closed","ping_status":"closed","template":"","meta":{"footnotes":""},"class_list":["post-557","page","type-page","status-publish","hentry"],"yoast_head":"<!-- This site is optimized with the Yoast SEO plugin v27.2 - https:\/\/yoast.com\/product\/yoast-seo-wordpress\/ -->\n<title>Impressum - IFTA AG - Kompetenz aus einer Hand.<\/title>\n<meta name=\"robots\" content=\"index, follow, max-snippet:-1, max-image-preview:large, max-video-preview:-1\" \/>\n<link rel=\"canonical\" href=\"https:\/\/ifta-ag.de\/en\/impressum\/\" \/>\n<meta property=\"og:locale\" content=\"en_GB\" \/>\n<meta property=\"og:type\" content=\"article\" \/>\n<meta property=\"og:title\" content=\"Impressum - IFTA AG - Kompetenz aus einer Hand.\" \/>\n<meta property=\"og:description\" content=\"Impressum IFTA AGNeukirchstra\u00dfe 2613089 Berlin Handelsregister: HRB 58100Registergericht: Berlin-Charlottenburg Vertreten durch:Prof. Dr. J\u00f6rn Karge Vorsitzender des Aufsichtsrats:Rechtsanwalt Steffen K\u00fchn KontaktTelefon: +49 30 4788030Telefax: +49 30 47880320E-Mail: info(at)ifta-ag.de Umsatzsteuer-IDUmsatzsteuer-Identifikationsnummer gem\u00e4\u00df \u00a7 27 a Umsatzsteuergesetz: DE128785087 HaftungsausschlussDiese Webseite enth\u00e4lt Links zu externen Webseiten Dritter, auf deren Inhalte wir keinen Einfluss haben.\u00a0F\u00fcr die Inhalte der verlinkten Seiten ist [&hellip;]\" \/>\n<meta property=\"og:url\" content=\"https:\/\/ifta-ag.de\/en\/impressum\/\" \/>\n<meta property=\"og:site_name\" content=\"IFTA AG - Kompetenz aus einer Hand.\" \/>\n<meta property=\"article:modified_time\" content=\"2026-03-23T11:52:11+00:00\" \/>\n<meta property=\"og:image\" content=\"https:\/\/ifta-ag.de\/wp-content\/uploads\/2025\/08\/IFTA-AG-Logo-01.png\" \/>\n\t<meta property=\"og:image:width\" content=\"541\" \/>\n\t<meta property=\"og:image:height\" content=\"176\" \/>\n\t<meta property=\"og:image:type\" content=\"image\/png\" \/>\n<meta name=\"twitter:card\" content=\"summary_large_image\" \/>\n<meta name=\"twitter:label1\" content=\"Estimated reading time\" \/>\n\t<meta name=\"twitter:data1\" content=\"2 minutes\" \/>\n<script type=\"application\/ld+json\" class=\"yoast-schema-graph\">{\"@context\":\"https:\/\/schema.org\",\"@graph\":[{\"@type\":\"WebPage\",\"@id\":\"https:\/\/ifta-ag.de\/impressum\/\",\"url\":\"https:\/\/ifta-ag.de\/impressum\/\",\"name\":\"Impressum - IFTA AG - Kompetenz aus einer Hand.\",\"isPartOf\":{\"@id\":\"https:\/\/ifta-ag.de\/#website\"},\"primaryImageOfPage\":{\"@id\":\"https:\/\/ifta-ag.de\/impressum\/#primaryimage\"},\"image\":{\"@id\":\"https:\/\/ifta-ag.de\/impressum\/#primaryimage\"},\"thumbnailUrl\":\"https:\/\/ifta-ag.de\/wp-content\/uploads\/2025\/08\/IFTA-AG-Logo-01-300x98.png\",\"datePublished\":\"2025-09-24T08:01:42+00:00\",\"dateModified\":\"2026-03-23T11:52:11+00:00\",\"breadcrumb\":{\"@id\":\"https:\/\/ifta-ag.de\/impressum\/#breadcrumb\"},\"inLanguage\":\"en-GB\",\"potentialAction\":[{\"@type\":\"ReadAction\",\"target\":[\"https:\/\/ifta-ag.de\/impressum\/\"]}]},{\"@type\":\"ImageObject\",\"inLanguage\":\"en-GB\",\"@id\":\"https:\/\/ifta-ag.de\/impressum\/#primaryimage\",\"url\":\"https:\/\/ifta-ag.de\/wp-content\/uploads\/2025\/08\/IFTA-AG-Logo-01-300x98.png\",\"contentUrl\":\"https:\/\/ifta-ag.de\/wp-content\/uploads\/2025\/08\/IFTA-AG-Logo-01-300x98.png\"},{\"@type\":\"BreadcrumbList\",\"@id\":\"https:\/\/ifta-ag.de\/impressum\/#breadcrumb\",\"itemListElement\":[{\"@type\":\"ListItem\",\"position\":1,\"name\":\"Startseite\",\"item\":\"https:\/\/ifta-ag.de\/\"},{\"@type\":\"ListItem\",\"position\":2,\"name\":\"Impressum\"}]},{\"@type\":\"WebSite\",\"@id\":\"https:\/\/ifta-ag.de\/#website\",\"url\":\"https:\/\/ifta-ag.de\/\",\"name\":\"IFTA AG - Kompetenz aus einer Hand.\",\"description\":\"\",\"publisher\":{\"@id\":\"https:\/\/ifta-ag.de\/#organization\"},\"potentialAction\":[{\"@type\":\"SearchAction\",\"target\":{\"@type\":\"EntryPoint\",\"urlTemplate\":\"https:\/\/ifta-ag.de\/?s={search_term_string}\"},\"query-input\":{\"@type\":\"PropertyValueSpecification\",\"valueRequired\":true,\"valueName\":\"search_term_string\"}}],\"inLanguage\":\"en-GB\"},{\"@type\":\"Organization\",\"@id\":\"https:\/\/ifta-ag.de\/#organization\",\"name\":\"IFTA AG - Kompetenz aus einer Hand.\",\"url\":\"https:\/\/ifta-ag.de\/\",\"logo\":{\"@type\":\"ImageObject\",\"inLanguage\":\"en-GB\",\"@id\":\"https:\/\/ifta-ag.de\/#\/schema\/logo\/image\/\",\"url\":\"https:\/\/ifta-ag.de\/wp-content\/uploads\/2025\/08\/IFTA-AG-Logo-01.png\",\"contentUrl\":\"https:\/\/ifta-ag.de\/wp-content\/uploads\/2025\/08\/IFTA-AG-Logo-01.png\",\"width\":541,\"height\":176,\"caption\":\"IFTA AG - Kompetenz aus einer Hand.\"},\"image\":{\"@id\":\"https:\/\/ifta-ag.de\/#\/schema\/logo\/image\/\"}}]}<\/script>\n<!-- \/ Yoast SEO plugin. -->","yoast_head_json":{"title":"Impressum - IFTA AG - Kompetenz aus einer Hand.","robots":{"index":"index","follow":"follow","max-snippet":"max-snippet:-1","max-image-preview":"max-image-preview:large","max-video-preview":"max-video-preview:-1"},"canonical":"https:\/\/ifta-ag.de\/en\/impressum\/","og_locale":"en_GB","og_type":"article","og_title":"Impressum - IFTA AG - Kompetenz aus einer Hand.","og_description":"Impressum IFTA AGNeukirchstra\u00dfe 2613089 Berlin Handelsregister: HRB 58100Registergericht: Berlin-Charlottenburg Vertreten durch:Prof. Dr. J\u00f6rn Karge Vorsitzender des Aufsichtsrats:Rechtsanwalt Steffen K\u00fchn KontaktTelefon: +49 30 4788030Telefax: +49 30 47880320E-Mail: info(at)ifta-ag.de Umsatzsteuer-IDUmsatzsteuer-Identifikationsnummer gem\u00e4\u00df \u00a7 27 a Umsatzsteuergesetz: DE128785087 HaftungsausschlussDiese Webseite enth\u00e4lt Links zu externen Webseiten Dritter, auf deren Inhalte wir keinen Einfluss haben.\u00a0F\u00fcr die Inhalte der verlinkten Seiten ist [&hellip;]","og_url":"https:\/\/ifta-ag.de\/en\/impressum\/","og_site_name":"IFTA AG - Kompetenz aus einer Hand.","article_modified_time":"2026-03-23T11:52:11+00:00","og_image":[{"width":541,"height":176,"url":"https:\/\/ifta-ag.de\/wp-content\/uploads\/2025\/08\/IFTA-AG-Logo-01.png","type":"image\/png"}],"twitter_card":"summary_large_image","twitter_misc":{"Estimated reading time":"2 minutes"},"schema":{"@context":"https:\/\/schema.org","@graph":[{"@type":"WebPage","@id":"https:\/\/ifta-ag.de\/impressum\/","url":"https:\/\/ifta-ag.de\/impressum\/","name":"Impressum - IFTA AG - Kompetenz aus einer Hand.","isPartOf":{"@id":"https:\/\/ifta-ag.de\/#website"},"primaryImageOfPage":{"@id":"https:\/\/ifta-ag.de\/impressum\/#primaryimage"},"image":{"@id":"https:\/\/ifta-ag.de\/impressum\/#primaryimage"},"thumbnailUrl":"https:\/\/ifta-ag.de\/wp-content\/uploads\/2025\/08\/IFTA-AG-Logo-01-300x98.png","datePublished":"2025-09-24T08:01:42+00:00","dateModified":"2026-03-23T11:52:11+00:00","breadcrumb":{"@id":"https:\/\/ifta-ag.de\/impressum\/#breadcrumb"},"inLanguage":"en-GB","potentialAction":[{"@type":"ReadAction","target":["https:\/\/ifta-ag.de\/impressum\/"]}]},{"@type":"ImageObject","inLanguage":"en-GB","@id":"https:\/\/ifta-ag.de\/impressum\/#primaryimage","url":"https:\/\/ifta-ag.de\/wp-content\/uploads\/2025\/08\/IFTA-AG-Logo-01-300x98.png","contentUrl":"https:\/\/ifta-ag.de\/wp-content\/uploads\/2025\/08\/IFTA-AG-Logo-01-300x98.png"},{"@type":"BreadcrumbList","@id":"https:\/\/ifta-ag.de\/impressum\/#breadcrumb","itemListElement":[{"@type":"ListItem","position":1,"name":"Startseite","item":"https:\/\/ifta-ag.de\/"},{"@type":"ListItem","position":2,"name":"Impressum"}]},{"@type":"WebSite","@id":"https:\/\/ifta-ag.de\/#website","url":"https:\/\/ifta-ag.de\/","name":"IFTA AG - Kompetenz aus einer Hand.","description":"","publisher":{"@id":"https:\/\/ifta-ag.de\/#organization"},"potentialAction":[{"@type":"SearchAction","target":{"@type":"EntryPoint","urlTemplate":"https:\/\/ifta-ag.de\/?s={search_term_string}"},"query-input":{"@type":"PropertyValueSpecification","valueRequired":true,"valueName":"search_term_string"}}],"inLanguage":"en-GB"},{"@type":"Organization","@id":"https:\/\/ifta-ag.de\/#organization","name":"IFTA AG - Kompetenz aus einer Hand.","url":"https:\/\/ifta-ag.de\/","logo":{"@type":"ImageObject","inLanguage":"en-GB","@id":"https:\/\/ifta-ag.de\/#\/schema\/logo\/image\/","url":"https:\/\/ifta-ag.de\/wp-content\/uploads\/2025\/08\/IFTA-AG-Logo-01.png","contentUrl":"https:\/\/ifta-ag.de\/wp-content\/uploads\/2025\/08\/IFTA-AG-Logo-01.png","width":541,"height":176,"caption":"IFTA AG - Kompetenz aus einer Hand."},"image":{"@id":"https:\/\/ifta-ag.de\/#\/schema\/logo\/image\/"}}]}},"_links":{"self":[{"href":"https:\/\/ifta-ag.de\/en\/wp-json\/wp\/v2\/pages\/557","targetHints":{"allow":["GET"]}}],"collection":[{"href":"https:\/\/ifta-ag.de\/en\/wp-json\/wp\/v2\/pages"}],"about":[{"href":"https:\/\/ifta-ag.de\/en\/wp-json\/wp\/v2\/types\/page"}],"author":[{"embeddable":true,"href":"https:\/\/ifta-ag.de\/en\/wp-json\/wp\/v2\/users\/1"}],"replies":[{"embeddable":true,"href":"https:\/\/ifta-ag.de\/en\/wp-json\/wp\/v2\/comments?post=557"}],"version-history":[{"count":49,"href":"https:\/\/ifta-ag.de\/en\/wp-json\/wp\/v2\/pages\/557\/revisions"}],"predecessor-version":[{"id":1781,"href":"https:\/\/ifta-ag.de\/en\/wp-json\/wp\/v2\/pages\/557\/revisions\/1781"}],"wp:attachment":[{"href":"https:\/\/ifta-ag.de\/en\/wp-json\/wp\/v2\/media?parent=557"}],"curies":[{"name":"wp","href":"https:\/\/api.w.org\/{rel}","templated":true}]}}