{"id":3,"date":"2025-11-05T17:28:36","date_gmt":"2025-11-05T16:28:36","guid":{"rendered":"http:\/\/570780784.swh.strato-hosting.eu\/?page_id=3"},"modified":"2025-11-24T12:10:46","modified_gmt":"2025-11-24T11:10:46","slug":"datenschutzerklaerung","status":"publish","type":"page","link":"https:\/\/ifta-ag.de\/en\/datenschutzerklaerung\/","title":{"rendered":"Datenschutzerkl\u00e4rung"},"content":{"rendered":"<div data-elementor-type=\"wp-page\" data-elementor-id=\"3\" class=\"elementor elementor-3\" data-elementor-post-type=\"page\">\n\t\t\t\t<div class=\"elementor-element elementor-element-aa3c641 e-flex e-con-boxed e-con e-parent\" data-id=\"aa3c641\" data-element_type=\"container\" data-e-type=\"container\">\n\t\t\t\t\t<div class=\"e-con-inner\">\n\t\t<div class=\"elementor-element elementor-element-7d53bed e-con-full e-flex e-con e-child\" data-id=\"7d53bed\" data-element_type=\"container\" data-e-type=\"container\">\n\t\t<div class=\"elementor-element elementor-element-267f59e e-con-full e-flex e-con e-child\" data-id=\"267f59e\" data-element_type=\"container\" data-e-type=\"container\">\n\t\t\t\t<div class=\"elementor-element elementor-element-0cd930a elementor-widget elementor-widget-heading\" data-id=\"0cd930a\" data-element_type=\"widget\" data-e-type=\"widget\" data-widget_type=\"heading.default\">\n\t\t\t\t\t<h2 class=\"elementor-heading-title elementor-size-default\">Privacy Policy<\/h2>\t\t\t\t<\/div>\n\t\t\t\t<\/div>\n\t\t<div class=\"elementor-element elementor-element-d3f58ff e-con-full e-flex e-con e-child\" data-id=\"d3f58ff\" data-element_type=\"container\" data-e-type=\"container\">\n\t\t\t\t<div class=\"elementor-element elementor-element-532c571 elementor-widget elementor-widget-image\" data-id=\"532c571\" data-element_type=\"widget\" data-e-type=\"widget\" data-widget_type=\"image.default\">\n\t\t\t\t\t\t\t\t\t\t\t\t\t\t\t<img decoding=\"async\" width=\"300\" height=\"98\" src=\"https:\/\/ifta-ag.de\/wp-content\/uploads\/2025\/08\/IFTA-AG-Logo-01-300x98.png\" class=\"attachment-medium size-medium wp-image-342\" alt=\"IFTA AG Logo-01\" srcset=\"https:\/\/ifta-ag.de\/wp-content\/uploads\/2025\/08\/IFTA-AG-Logo-01-300x98.png 300w, https:\/\/ifta-ag.de\/wp-content\/uploads\/2025\/08\/IFTA-AG-Logo-01-18x6.png 18w, https:\/\/ifta-ag.de\/wp-content\/uploads\/2025\/08\/IFTA-AG-Logo-01.png 541w\" sizes=\"(max-width: 300px) 100vw, 300px\" \/>\t\t\t\t\t\t\t\t\t\t\t\t\t\t\t<\/div>\n\t\t\t\t<\/div>\n\t\t\t\t<\/div>\n\t\t\t\t<div class=\"elementor-element elementor-element-e86102d elementor-widget elementor-widget-spacer\" data-id=\"e86102d\" data-element_type=\"widget\" data-e-type=\"widget\" data-widget_type=\"spacer.default\">\n\t\t\t\t\t\t\t<div class=\"elementor-spacer\">\n\t\t\t<div class=\"elementor-spacer-inner\"><\/div>\n\t\t<\/div>\n\t\t\t\t\t\t<\/div>\n\t\t\t\t<div class=\"elementor-element elementor-element-8d89813 elementor-widget elementor-widget-text-editor\" data-id=\"8d89813\" data-element_type=\"widget\" data-e-type=\"widget\" data-widget_type=\"text-editor.default\">\n\t\t\t\t\t\t\t\t\t<h3>I. Information about the processing of your data in accordance with Art. 13 of the General Data Protection Regulation (GDPR)<\/h3><h4>1. Controller and Data Protection Officer<\/h4><p>The controller responsible for this website is <strong>Prof. Dr. J\u00f6rn Karge<\/strong>. You can reach the Data Protection Officer by email at <a href=\"mailto:datenschutz@ifta-ag.de\">datenschutz@ifta-ag.de <\/a>or via the address Neukirchstra\u00dfe 26, 13089 Berlin.<\/p><h4>2. Data processed for the provision of the website and the creation of log files<\/h4><h5>a. Which data is processed for which purpose?<\/h5><p style=\"padding-left: 40px;\">Each time the website content is accessed, data is temporarily stored that may allow identification.\nThe following data is collected in this process:<\/p><ul><li style=\"list-style-type: none;\"><ul><li>Date and time of access<\/li><li>IP address<\/li><li>Hostname of the accessing computer<\/li><li>Website from which the website was accessed<\/li><li>Websites accessed via the website<\/li><li>Visited page on our website<\/li><li>Message indicating whether the retrieval was successful<\/li><li>Amount of data transferred<\/li><li>Information about the browser type and version used<\/li><li>Operating system<\/li><\/ul><\/li><\/ul><p style=\"padding-left: 40px;\">The temporary storage of the data is necessary for the operation of a website visit in order to enable the delivery of the website. Further storage in log files takes place to ensure the functionality of the website and the security of the information technology systems. Our legitimate interest in data processing lies in these purposes.\u00a0<\/p><h5>b. On what legal basis is this data processed?<\/h5><p style=\"padding-left: 40px;\">The data is processed based on Article 6(1)(f) of the GDPR.<\/p><h5>c. Are there any recipients of the personal data besides the responsible party?<\/h5><p>The website is hosted by <strong>STRATO GmbH<\/strong> As the hosting provider, STRATO GmbH processes the data listed above on behalf of the data controller.<\/p><h5>d. How long are the data stored?<\/h5><p style=\"padding-left: 40px;\">The data will be deleted as soon as they are no longer necessary for the purpose for which they were collected. In the case of providing the website, this applies when the respective session ends.<br \/>The log files are stored in a way that is directly and exclusively accessible to administrators.\nAfterwards, they are only indirectly available through the restoration of backup tapes and are permanently deleted after 7 day.<\/p><h4>3. Data Subject Rights<\/h4><h5>a. Right of Access<\/h5><p style=\"padding-left: 40px;\">You have the right to request information about your personal data that we process  in accordance with Article 15 of the GDPR.<\/p><h5>b. Right to Object<\/h5><p style=\"padding-left: 40px;\">You have the right to object for specific reasons (see Section II).<\/p><h5>c. Right to Rectification<\/h5><p style=\"padding-left: 40px;\">If the information concerning you is inaccurate or no longer up to date, you have the right to request correction in accordance with Article 16 GDPR. If your data is incomplete, you may request completion.<\/p><h5>d. Right to Erasure<\/h5><p style=\"padding-left: 40px;\">You have the right to request the deletion of your personal data under Article 17 GDPR.<\/p><h5>e. Right to Restriction of Processing<\/h5><p style=\"padding-left: 40px;\">You have the right to request the restriction of the processing of your personal data under Article 18 GDPR.<\/p><h5>f. Right to Lodge a Complaint<\/h5><p style=\"padding-left: 40px;\">If you believe that the processing of your personal data violates data protection law, you have the right to lodge a complaint with a data protection supervisory authority of your choice in accordance with Article 77(1) GDPR.<br \/>This also includes the supervisory authority responsible for the data controller: Berlin Commissioner for Data Protection and Freedom of Information <a href=\"https:\/\/www.datenschutz-berlin.de\" target=\"_blank\" rel=\"noopener noreferrer\">https:\/\/www.datenschutz-berlin.de<\/a><\/p><h5>g. Right to Data Portability<\/h5><p style=\"padding-left: 40px;\">If the conditions of Article 20(1) GDPR are met, you have the right to receive the personal data we process automatically based on your consent or the fulfillment of a contract, and to transfer this data to yourself or a third party.<br \/>The collection of data for providing the website and the storage of log files are strictly necessary for the operation of the website. Therefore, they are not based on consent according to Article 6(1)(a) GDPR or on a contract according to Article 6(1)(b) GDPR, but are justified under Article 6(1)(f) GDPR. As a result, the conditions of Article 20(1) GDPR are not fulfilled in this regard.<\/p><h3>II. Right to Object pursuant to Article 21(1) GDPR<\/h3><p>You have the right to object at any time, on grounds relating to your particular situation, to the processing of your personal data based on Article 6(1)(f) GDPR.<br \/>The data controller will then no longer process your personal data unless they can demonstrate compelling legitimate grounds for the processing which override your interests, rights, and freedoms, or the processing is necessary for the establishment, exercise, or defence of legal claims.<br \/>The collection of data for providing the website and the storage of log files are strictly necessary for the operation of the website.<\/p><h3>III. Use of Google Maps<\/h3><p class=\"translation-block\">This website uses the Google Maps API to visually display geographic information. When using Google Maps, Google also collects, processes, and uses data about the use of the map features by visitors. For more information on how Google processes data, please refer to Google\u2019s privacy policy. You can also adjust your personal privacy settings in Google\u2019s Privacy Centre. Detailed instructions on how to manage your own data in connection with Google products can be found <a href=\"https:\/\/support.google.com\/accounts\/answer\/162744?hl=de\" target=\"_self\">here<\/a>.<\/p>\t\t\t\t\t\t\t\t<\/div>\n\t\t\t\t\t<\/div>\n\t\t\t\t<\/div>\n\t\t\t\t<\/div>","protected":false},"excerpt":{"rendered":"<p>Datenschutzerkl\u00e4rung IFTA Website I. Informationen \u00fcber die Verarbeitung Ihrer Daten gem\u00e4\u00df Art. 13 DS-GVO 1. Verantwortlicher und Datenschutzbeauftragter Verantwortlich f\u00fcr diese Website ist Prof. Dr. J\u00f6rn Karge. Den Datenschutzbeauftragten erreichen Sie per E-Mail unter datenschutz@ifta-ag.de oder postalisch unter: Neukirchstra\u00dfe 26, 13089 Berlin. 2. Daten, die f\u00fcr die Bereitstellung der Website und die Erstellung der Protokolldateien [&hellip;]<\/p>\n","protected":false},"author":1,"featured_media":0,"parent":0,"menu_order":0,"comment_status":"closed","ping_status":"open","template":"","meta":{"footnotes":""},"class_list":["post-3","page","type-page","status-publish","hentry"],"yoast_head":"<!-- This site is optimized with the Yoast SEO plugin v27.2 - https:\/\/yoast.com\/product\/yoast-seo-wordpress\/ -->\n<title>Datenschutzerkl\u00e4rung - IFTA AG - Kompetenz aus einer Hand.<\/title>\n<meta name=\"robots\" content=\"index, follow, max-snippet:-1, max-image-preview:large, max-video-preview:-1\" \/>\n<link rel=\"canonical\" href=\"https:\/\/ifta-ag.de\/en\/datenschutzerklaerung\/\" \/>\n<meta property=\"og:locale\" content=\"en_GB\" \/>\n<meta property=\"og:type\" content=\"article\" \/>\n<meta property=\"og:title\" content=\"Datenschutzerkl\u00e4rung - IFTA AG - Kompetenz aus einer Hand.\" \/>\n<meta property=\"og:description\" content=\"Datenschutzerkl\u00e4rung IFTA Website I. Informationen \u00fcber die Verarbeitung Ihrer Daten gem\u00e4\u00df Art. 13 DS-GVO 1. Verantwortlicher und Datenschutzbeauftragter Verantwortlich f\u00fcr diese Website ist Prof. Dr. J\u00f6rn Karge. Den Datenschutzbeauftragten erreichen Sie per E-Mail unter datenschutz@ifta-ag.de oder postalisch unter: Neukirchstra\u00dfe 26, 13089 Berlin. 2. Daten, die f\u00fcr die Bereitstellung der Website und die Erstellung der Protokolldateien [&hellip;]\" \/>\n<meta property=\"og:url\" content=\"https:\/\/ifta-ag.de\/en\/datenschutzerklaerung\/\" \/>\n<meta property=\"og:site_name\" content=\"IFTA AG - Kompetenz aus einer Hand.\" \/>\n<meta property=\"article:modified_time\" content=\"2025-11-24T11:10:46+00:00\" \/>\n<meta property=\"og:image\" content=\"https:\/\/ifta-ag.de\/wp-content\/uploads\/2025\/08\/IFTA-AG-Logo-01-300x98.png\" \/>\n<meta name=\"twitter:card\" content=\"summary_large_image\" \/>\n<meta name=\"twitter:label1\" content=\"Estimated reading time\" \/>\n\t<meta name=\"twitter:data1\" content=\"5 minutes\" \/>\n<script type=\"application\/ld+json\" class=\"yoast-schema-graph\">{\"@context\":\"https:\/\/schema.org\",\"@graph\":[{\"@type\":\"WebPage\",\"@id\":\"https:\/\/ifta-ag.de\/datenschutzerklaerung\/\",\"url\":\"https:\/\/ifta-ag.de\/datenschutzerklaerung\/\",\"name\":\"Datenschutzerkl\u00e4rung - IFTA AG - Kompetenz aus einer Hand.\",\"isPartOf\":{\"@id\":\"https:\/\/ifta-ag.de\/#website\"},\"primaryImageOfPage\":{\"@id\":\"https:\/\/ifta-ag.de\/datenschutzerklaerung\/#primaryimage\"},\"image\":{\"@id\":\"https:\/\/ifta-ag.de\/datenschutzerklaerung\/#primaryimage\"},\"thumbnailUrl\":\"https:\/\/ifta-ag.de\/wp-content\/uploads\/2025\/08\/IFTA-AG-Logo-01-300x98.png\",\"datePublished\":\"2025-11-05T16:28:36+00:00\",\"dateModified\":\"2025-11-24T11:10:46+00:00\",\"breadcrumb\":{\"@id\":\"https:\/\/ifta-ag.de\/datenschutzerklaerung\/#breadcrumb\"},\"inLanguage\":\"en-GB\",\"potentialAction\":[{\"@type\":\"ReadAction\",\"target\":[\"https:\/\/ifta-ag.de\/datenschutzerklaerung\/\"]}]},{\"@type\":\"ImageObject\",\"inLanguage\":\"en-GB\",\"@id\":\"https:\/\/ifta-ag.de\/datenschutzerklaerung\/#primaryimage\",\"url\":\"https:\/\/ifta-ag.de\/wp-content\/uploads\/2025\/08\/IFTA-AG-Logo-01-300x98.png\",\"contentUrl\":\"https:\/\/ifta-ag.de\/wp-content\/uploads\/2025\/08\/IFTA-AG-Logo-01-300x98.png\"},{\"@type\":\"BreadcrumbList\",\"@id\":\"https:\/\/ifta-ag.de\/datenschutzerklaerung\/#breadcrumb\",\"itemListElement\":[{\"@type\":\"ListItem\",\"position\":1,\"name\":\"Startseite\",\"item\":\"https:\/\/ifta-ag.de\/\"},{\"@type\":\"ListItem\",\"position\":2,\"name\":\"Datenschutzerkl\u00e4rung\"}]},{\"@type\":\"WebSite\",\"@id\":\"https:\/\/ifta-ag.de\/#website\",\"url\":\"https:\/\/ifta-ag.de\/\",\"name\":\"IFTA AG - Kompetenz aus einer Hand.\",\"description\":\"\",\"publisher\":{\"@id\":\"https:\/\/ifta-ag.de\/#organization\"},\"potentialAction\":[{\"@type\":\"SearchAction\",\"target\":{\"@type\":\"EntryPoint\",\"urlTemplate\":\"https:\/\/ifta-ag.de\/?s={search_term_string}\"},\"query-input\":{\"@type\":\"PropertyValueSpecification\",\"valueRequired\":true,\"valueName\":\"search_term_string\"}}],\"inLanguage\":\"en-GB\"},{\"@type\":\"Organization\",\"@id\":\"https:\/\/ifta-ag.de\/#organization\",\"name\":\"IFTA AG - Kompetenz aus einer Hand.\",\"url\":\"https:\/\/ifta-ag.de\/\",\"logo\":{\"@type\":\"ImageObject\",\"inLanguage\":\"en-GB\",\"@id\":\"https:\/\/ifta-ag.de\/#\/schema\/logo\/image\/\",\"url\":\"https:\/\/ifta-ag.de\/wp-content\/uploads\/2025\/08\/IFTA-AG-Logo-01.png\",\"contentUrl\":\"https:\/\/ifta-ag.de\/wp-content\/uploads\/2025\/08\/IFTA-AG-Logo-01.png\",\"width\":541,\"height\":176,\"caption\":\"IFTA AG - Kompetenz aus einer Hand.\"},\"image\":{\"@id\":\"https:\/\/ifta-ag.de\/#\/schema\/logo\/image\/\"}}]}<\/script>\n<!-- \/ Yoast SEO plugin. -->","yoast_head_json":{"title":"Datenschutzerkl\u00e4rung - IFTA AG - Kompetenz aus einer Hand.","robots":{"index":"index","follow":"follow","max-snippet":"max-snippet:-1","max-image-preview":"max-image-preview:large","max-video-preview":"max-video-preview:-1"},"canonical":"https:\/\/ifta-ag.de\/en\/datenschutzerklaerung\/","og_locale":"en_GB","og_type":"article","og_title":"Datenschutzerkl\u00e4rung - IFTA AG - Kompetenz aus einer Hand.","og_description":"Datenschutzerkl\u00e4rung IFTA Website I. Informationen \u00fcber die Verarbeitung Ihrer Daten gem\u00e4\u00df Art. 13 DS-GVO 1. Verantwortlicher und Datenschutzbeauftragter Verantwortlich f\u00fcr diese Website ist Prof. Dr. J\u00f6rn Karge. Den Datenschutzbeauftragten erreichen Sie per E-Mail unter datenschutz@ifta-ag.de oder postalisch unter: Neukirchstra\u00dfe 26, 13089 Berlin. 2. Daten, die f\u00fcr die Bereitstellung der Website und die Erstellung der Protokolldateien [&hellip;]","og_url":"https:\/\/ifta-ag.de\/en\/datenschutzerklaerung\/","og_site_name":"IFTA AG - Kompetenz aus einer Hand.","article_modified_time":"2025-11-24T11:10:46+00:00","og_image":[{"url":"https:\/\/ifta-ag.de\/wp-content\/uploads\/2025\/08\/IFTA-AG-Logo-01-300x98.png","type":"","width":"","height":""}],"twitter_card":"summary_large_image","twitter_misc":{"Estimated reading time":"5 minutes"},"schema":{"@context":"https:\/\/schema.org","@graph":[{"@type":"WebPage","@id":"https:\/\/ifta-ag.de\/datenschutzerklaerung\/","url":"https:\/\/ifta-ag.de\/datenschutzerklaerung\/","name":"Datenschutzerkl\u00e4rung - IFTA AG - Kompetenz aus einer Hand.","isPartOf":{"@id":"https:\/\/ifta-ag.de\/#website"},"primaryImageOfPage":{"@id":"https:\/\/ifta-ag.de\/datenschutzerklaerung\/#primaryimage"},"image":{"@id":"https:\/\/ifta-ag.de\/datenschutzerklaerung\/#primaryimage"},"thumbnailUrl":"https:\/\/ifta-ag.de\/wp-content\/uploads\/2025\/08\/IFTA-AG-Logo-01-300x98.png","datePublished":"2025-11-05T16:28:36+00:00","dateModified":"2025-11-24T11:10:46+00:00","breadcrumb":{"@id":"https:\/\/ifta-ag.de\/datenschutzerklaerung\/#breadcrumb"},"inLanguage":"en-GB","potentialAction":[{"@type":"ReadAction","target":["https:\/\/ifta-ag.de\/datenschutzerklaerung\/"]}]},{"@type":"ImageObject","inLanguage":"en-GB","@id":"https:\/\/ifta-ag.de\/datenschutzerklaerung\/#primaryimage","url":"https:\/\/ifta-ag.de\/wp-content\/uploads\/2025\/08\/IFTA-AG-Logo-01-300x98.png","contentUrl":"https:\/\/ifta-ag.de\/wp-content\/uploads\/2025\/08\/IFTA-AG-Logo-01-300x98.png"},{"@type":"BreadcrumbList","@id":"https:\/\/ifta-ag.de\/datenschutzerklaerung\/#breadcrumb","itemListElement":[{"@type":"ListItem","position":1,"name":"Startseite","item":"https:\/\/ifta-ag.de\/"},{"@type":"ListItem","position":2,"name":"Datenschutzerkl\u00e4rung"}]},{"@type":"WebSite","@id":"https:\/\/ifta-ag.de\/#website","url":"https:\/\/ifta-ag.de\/","name":"IFTA AG - Kompetenz aus einer Hand.","description":"","publisher":{"@id":"https:\/\/ifta-ag.de\/#organization"},"potentialAction":[{"@type":"SearchAction","target":{"@type":"EntryPoint","urlTemplate":"https:\/\/ifta-ag.de\/?s={search_term_string}"},"query-input":{"@type":"PropertyValueSpecification","valueRequired":true,"valueName":"search_term_string"}}],"inLanguage":"en-GB"},{"@type":"Organization","@id":"https:\/\/ifta-ag.de\/#organization","name":"IFTA AG - Kompetenz aus einer Hand.","url":"https:\/\/ifta-ag.de\/","logo":{"@type":"ImageObject","inLanguage":"en-GB","@id":"https:\/\/ifta-ag.de\/#\/schema\/logo\/image\/","url":"https:\/\/ifta-ag.de\/wp-content\/uploads\/2025\/08\/IFTA-AG-Logo-01.png","contentUrl":"https:\/\/ifta-ag.de\/wp-content\/uploads\/2025\/08\/IFTA-AG-Logo-01.png","width":541,"height":176,"caption":"IFTA AG - Kompetenz aus einer Hand."},"image":{"@id":"https:\/\/ifta-ag.de\/#\/schema\/logo\/image\/"}}]}},"_links":{"self":[{"href":"https:\/\/ifta-ag.de\/en\/wp-json\/wp\/v2\/pages\/3","targetHints":{"allow":["GET"]}}],"collection":[{"href":"https:\/\/ifta-ag.de\/en\/wp-json\/wp\/v2\/pages"}],"about":[{"href":"https:\/\/ifta-ag.de\/en\/wp-json\/wp\/v2\/types\/page"}],"author":[{"embeddable":true,"href":"https:\/\/ifta-ag.de\/en\/wp-json\/wp\/v2\/users\/1"}],"replies":[{"embeddable":true,"href":"https:\/\/ifta-ag.de\/en\/wp-json\/wp\/v2\/comments?post=3"}],"version-history":[{"count":25,"href":"https:\/\/ifta-ag.de\/en\/wp-json\/wp\/v2\/pages\/3\/revisions"}],"predecessor-version":[{"id":1597,"href":"https:\/\/ifta-ag.de\/en\/wp-json\/wp\/v2\/pages\/3\/revisions\/1597"}],"wp:attachment":[{"href":"https:\/\/ifta-ag.de\/en\/wp-json\/wp\/v2\/media?parent=3"}],"curies":[{"name":"wp","href":"https:\/\/api.w.org\/{rel}","templated":true}]}}